{"id":3,"date":"2018-05-28T17:26:42","date_gmt":"2018-05-28T15:26:42","guid":{"rendered":"http:\/\/localhost\/2_SANDIG%20Website\/?page_id=3"},"modified":"2019-07-15T21:11:39","modified_gmt":"2019-07-15T19:11:39","slug":"datenschutzerklaerung","status":"publish","type":"page","link":"https:\/\/gartenideen-sandig.de\/index.php\/datenschutzerklaerung\/","title":{"rendered":"Impressum und Datenschutz"},"content":{"rendered":"<p style=\"font-weight: 400;\">Ideen f\u00fcr Ihren Garten<br \/>\nSandig GmbH &amp; Co. KG<br \/>\nWarener Str. 6 \u2219 31832 Springe<\/p>\n<p style=\"font-weight: 400;\">Telefon: 05041\/63262 \u2219 0176\/65824418<br \/>\nE-Mail:\u00a0<a href=\"mailto:info@gartenideen-sandig.de\">info@gartenideen-sandig.de<\/a><br \/>\nInternet:\u00a0<a href=\"http:\/\/www.gartenideen-sandig.de\/\" data-saferedirecturl=\"https:\/\/www.google.com\/url?q=http:\/\/www.gartenideen-sandig.de&amp;source=gmail&amp;ust=1563295544005000&amp;usg=AFQjCNENuyyb4AqtWmZmCAEpmUtGtznGlQ\">www.gartenideen-sandig.de<\/a><\/p>\n<p style=\"font-weight: 400;\">Gesch\u00e4ftsf\u00fchrerin:\u00a0Britta\u00a0Sandig<br \/>\nRegistergericht: Amtsgericht Hannover<br \/>\nRegisternummer: HRA 203937<br \/>\nSteuernummer: 42\/200\/25714<\/p>\n<p>Die verwendeten Texte, Bilder und Fotos dieses Internetauftritts sind urheberrechtlich gesch\u00fctzt und d\u00fcrfen nicht vervielf\u00e4ltigt oder weitergegeben werden.<\/p>\n<p>Die verwendeten Bilder sind ordnungsgem\u00e4\u00df erworben oder basieren auf Fotos, die von uns erstellte Gartenanlagen zeigen. Einverst\u00e4ndniserkl\u00e4rungen unserer Kunden liegen vor.<\/p>\n<p>Diese Internetseite basiert auf WordPress und unterliegt der GNU Public License.<\/p>\n<h2><strong>Datenschutz<\/strong><\/h2>\n<p>Der Schutz Ihrer personenbezogenen Daten ist uns wichtig. Wir speichern deshalb personenbezogene Daten nur in dem f\u00fcr die Abwicklung von Anfragen und Auftr\u00e4gen erforderlichen Umfang. Eine Auswertung der Besuche unseres Internetauftritts (Nutzerverhalten) erfolgt durch uns nicht. Lediglich der Dienstleister f\u00fcr die Bereitstellung unseres Internetauftritts (Webhosting) speichert anonymisiert Daten \u00fcber den WebSeiten-Besuch (siehe Erhebung der Daten von Webseitenbesuchern).<\/p>\n<p>Wir behandeln Ihre Daten vertraulich und beachten dabei die europ\u00e4ischen und deutschen Datenschutzvorschriften.<\/p>\n<p><strong>Welche Daten werden von uns gespeichert und warum?<\/strong><\/p>\n<p>\u00dcber unsere Internetseite erfassen wir keine personenbezogenen Daten. Wir verwenden keine Cookies.<\/p>\n<p>Wenn Sie uns z.B. per Mail oder Telefon kontaktieren, speichern wir die Daten, die Sie uns \u00fcbermittelt haben, um Ihre Anfrage oder Ihren Auftrag zu bearbeiten.<\/p>\n<p><strong>Mit wem teilen wir die Daten?<\/strong><\/p>\n<p>Eine Weitergabe von personenbezogenen Besuchsdaten unseres Internetauftritts erfolgt nicht.<\/p>\n<p><strong>Welche Informationen erhebt unser Dienstleister f\u00fcr das Webhosting?<\/strong><\/p>\n<p>Es werden folgende Daten von Webseitenbesuchern erhoben, die direkt bei der Erhebung anonymisiert werden:<\/p>\n<ul>\n<li>Referrer (zuvor besuchte Webseite)<\/li>\n<li>Angeforderte Webseite oder Datei<\/li>\n<li>Browsertyp und Browserversion<\/li>\n<li>Verwendetes Betriebssystem<\/li>\n<li>Verwendeter Ger\u00e4tetyp<\/li>\n<li>Uhrzeit des Zugriffs<\/li>\n<li>IP-Adresse in anonymisierter Form (wird nur zur Feststellung des Orts des Zugriffs verwendet)<\/li>\n<\/ul>\n<p>Zus\u00e4tzlich findet eine Verarbeitung durch WebAnalytics statt. Dabei werden nur die vorgenannten Daten ausgewertet.<\/p>\n<p>Die Daten werden entweder durch einen Pixel oder durch ein Logfile ermittelt. Zum Schutz von personenbezogenen Daten verwendet WebAnalytics keine Cookies. Der Dienstleister speichert keine personenbezogenen Daten von Webseitenbesuchern, damit keine R\u00fcckschl\u00fcsse auf die einzelnen Besucher gezogen werden k\u00f6nnen.<\/p>\n<p><strong>Welche Rechte haben Sie als Benutzer unseres Internetauftritts?<\/strong><\/p>\n<p>Grunds\u00e4tzlich haben Sie als Nutzer das Recht, auf Antrag eine kostenlose Auskunft dar\u00fcber zu erhalten, welche personenbezogenen Daten \u00fcber Sie gespeichert wurden. Sie haben au\u00dferdem das Recht auf Berichtigung falscher Daten und auf die Verarbeitungseinschr\u00e4nkung oder L\u00f6schung Ihrer personenbezogenen Daten. Falls zutreffend, k\u00f6nnen Sie auch Ihr Recht auf Datenportabilit\u00e4t geltend machen.<\/p>\n<p>In diesem Zusammenhang m\u00f6chten wir darauf aufmerksam machen, dass wir keine personenbezogenen Daten im Rahmen des Besuchs unseres Internetauftritts erheben (s.o.).<\/p>\n<p>Sollten Sie annehmen, dass Ihre Daten unrechtm\u00e4\u00dfig verarbeitet werden, k\u00f6nnen Sie eine Beschwerde bei der zust\u00e4ndigen Aufsichtsbeh\u00f6rde einreichen. Dazu k\u00f6nnen Sie sich an die\/den Datenschutzbeauftragte\/n des Landes Niedersachsens wenden. Die Adresse und weitere Informationen zum Datenschutz k\u00f6nnen Sie dem Internetauftritt unter <a href=\"https:\/\/www.lfd.niedersachsen.de\/startseite\/\">https:\/\/www.lfd.niedersachsen.de\/startseite\/<\/a> entnehmen.<\/p>\n<p><strong>Wer tr\u00e4gt die Verantwortung und wohin k\u00f6nnen Sie sich mit Fragen wenden?<\/strong><\/p>\n<p>Britta Sandig<br \/>\nIdeen f\u00fcr Ihren Garten Sandig GmbH &amp; Co. KG<br \/>\nWarener Stra\u00dfe 6<br \/>\n31832 Springe<\/p>\n<p>05041\/63262<br \/>\ninfo@gartenideen-sandig.de<\/p>\n","protected":false},"excerpt":{"rendered":"<p>Ideen f\u00fcr Ihren Garten Sandig GmbH &amp; Co. KG Warener Str. 6 \u2219 31832 Springe Telefon: 05041\/63262 \u2219 0176\/65824418 E-Mail:\u00a0info@gartenideen-sandig.de Internet:\u00a0www.gartenideen-sandig.de Gesch\u00e4ftsf\u00fchrerin:\u00a0Britta\u00a0Sandig Registergericht: Amtsgericht Hannover Registernummer: HRA 203937 Steuernummer: 42\/200\/25714 Die verwendeten Texte, Bilder und Fotos dieses Internetauftritts sind urheberrechtlich gesch\u00fctzt und d\u00fcrfen nicht vervielf\u00e4ltigt oder weitergegeben werden. Die verwendeten Bilder sind ordnungsgem\u00e4\u00df erworben oder &hellip; <\/p>\n<p class=\"link-more\"><a href=\"https:\/\/gartenideen-sandig.de\/index.php\/datenschutzerklaerung\/\" class=\"more-link\"><span class=\"screen-reader-text\">\u201eImpressum und Datenschutz\u201c<\/span> weiterlesen<\/a><\/p>\n","protected":false},"author":1,"featured_media":0,"parent":0,"menu_order":0,"comment_status":"closed","ping_status":"open","template":"","meta":{"footnotes":""},"yoast_head":"<!-- This site is optimized with the Yoast SEO plugin v22.3 - https:\/\/yoast.com\/wordpress\/plugins\/seo\/ -->\n<title>Impressum und Datenschutz - SANDIG<\/title>\n<meta name=\"robots\" content=\"index, follow, max-snippet:-1, max-image-preview:large, max-video-preview:-1\" \/>\n<link rel=\"canonical\" href=\"https:\/\/gartenideen-sandig.de\/index.php\/datenschutzerklaerung\/\" \/>\n<meta property=\"og:locale\" content=\"de_DE\" \/>\n<meta property=\"og:type\" content=\"article\" \/>\n<meta property=\"og:title\" content=\"Impressum und Datenschutz - SANDIG\" \/>\n<meta property=\"og:description\" content=\"Ideen f\u00fcr Ihren Garten Sandig GmbH &amp; Co. KG Warener Str. 6 \u2219 31832 Springe Telefon: 05041\/63262 \u2219 0176\/65824418 E-Mail:\u00a0info@gartenideen-sandig.de Internet:\u00a0www.gartenideen-sandig.de Gesch\u00e4ftsf\u00fchrerin:\u00a0Britta\u00a0Sandig Registergericht: Amtsgericht Hannover Registernummer: HRA 203937 Steuernummer: 42\/200\/25714 Die verwendeten Texte, Bilder und Fotos dieses Internetauftritts sind urheberrechtlich gesch\u00fctzt und d\u00fcrfen nicht vervielf\u00e4ltigt oder weitergegeben werden. Die verwendeten Bilder sind ordnungsgem\u00e4\u00df erworben oder &hellip; \u201eImpressum und Datenschutz\u201c weiterlesen\" \/>\n<meta property=\"og:url\" content=\"https:\/\/gartenideen-sandig.de\/index.php\/datenschutzerklaerung\/\" \/>\n<meta property=\"og:site_name\" content=\"SANDIG\" \/>\n<meta property=\"article:modified_time\" content=\"2019-07-15T19:11:39+00:00\" \/>\n<meta name=\"twitter:card\" content=\"summary_large_image\" \/>\n<meta name=\"twitter:label1\" content=\"Gesch\u00e4tzte Lesezeit\" \/>\n\t<meta name=\"twitter:data1\" content=\"3\u00a0Minuten\" \/>\n<script type=\"application\/ld+json\" class=\"yoast-schema-graph\">{\"@context\":\"https:\/\/schema.org\",\"@graph\":[{\"@type\":\"WebPage\",\"@id\":\"https:\/\/gartenideen-sandig.de\/index.php\/datenschutzerklaerung\/\",\"url\":\"https:\/\/gartenideen-sandig.de\/index.php\/datenschutzerklaerung\/\",\"name\":\"Impressum und Datenschutz - SANDIG\",\"isPartOf\":{\"@id\":\"https:\/\/gartenideen-sandig.de\/#website\"},\"datePublished\":\"2018-05-28T15:26:42+00:00\",\"dateModified\":\"2019-07-15T19:11:39+00:00\",\"breadcrumb\":{\"@id\":\"https:\/\/gartenideen-sandig.de\/index.php\/datenschutzerklaerung\/#breadcrumb\"},\"inLanguage\":\"de\",\"potentialAction\":[{\"@type\":\"ReadAction\",\"target\":[\"https:\/\/gartenideen-sandig.de\/index.php\/datenschutzerklaerung\/\"]}]},{\"@type\":\"BreadcrumbList\",\"@id\":\"https:\/\/gartenideen-sandig.de\/index.php\/datenschutzerklaerung\/#breadcrumb\",\"itemListElement\":[{\"@type\":\"ListItem\",\"position\":1,\"name\":\"Startseite\",\"item\":\"https:\/\/gartenideen-sandig.de\/\"},{\"@type\":\"ListItem\",\"position\":2,\"name\":\"Impressum und Datenschutz\"}]},{\"@type\":\"WebSite\",\"@id\":\"https:\/\/gartenideen-sandig.de\/#website\",\"url\":\"https:\/\/gartenideen-sandig.de\/\",\"name\":\"SANDIG\",\"description\":\"Ideen f\u00fcr Ihren Garten\",\"publisher\":{\"@id\":\"https:\/\/gartenideen-sandig.de\/#organization\"},\"potentialAction\":[{\"@type\":\"SearchAction\",\"target\":{\"@type\":\"EntryPoint\",\"urlTemplate\":\"https:\/\/gartenideen-sandig.de\/?s={search_term_string}\"},\"query-input\":\"required name=search_term_string\"}],\"inLanguage\":\"de\"},{\"@type\":\"Organization\",\"@id\":\"https:\/\/gartenideen-sandig.de\/#organization\",\"name\":\"Ideen f\u00fcr Ihren Garten Sandig GmbH & Co. KG\",\"url\":\"https:\/\/gartenideen-sandig.de\/\",\"logo\":{\"@type\":\"ImageObject\",\"inLanguage\":\"de\",\"@id\":\"https:\/\/gartenideen-sandig.de\/#\/schema\/logo\/image\/\",\"url\":\"https:\/\/gartenideen-sandig.de\/wp-content\/uploads\/2019\/07\/logo_komp.png\",\"contentUrl\":\"https:\/\/gartenideen-sandig.de\/wp-content\/uploads\/2019\/07\/logo_komp.png\",\"width\":350,\"height\":350,\"caption\":\"Ideen f\u00fcr Ihren Garten Sandig GmbH & Co. KG\"},\"image\":{\"@id\":\"https:\/\/gartenideen-sandig.de\/#\/schema\/logo\/image\/\"}}]}<\/script>\n<!-- \/ Yoast SEO plugin. -->","yoast_head_json":{"title":"Impressum und Datenschutz - SANDIG","robots":{"index":"index","follow":"follow","max-snippet":"max-snippet:-1","max-image-preview":"max-image-preview:large","max-video-preview":"max-video-preview:-1"},"canonical":"https:\/\/gartenideen-sandig.de\/index.php\/datenschutzerklaerung\/","og_locale":"de_DE","og_type":"article","og_title":"Impressum und Datenschutz - SANDIG","og_description":"Ideen f\u00fcr Ihren Garten Sandig GmbH &amp; Co. KG Warener Str. 6 \u2219 31832 Springe Telefon: 05041\/63262 \u2219 0176\/65824418 E-Mail:\u00a0info@gartenideen-sandig.de Internet:\u00a0www.gartenideen-sandig.de Gesch\u00e4ftsf\u00fchrerin:\u00a0Britta\u00a0Sandig Registergericht: Amtsgericht Hannover Registernummer: HRA 203937 Steuernummer: 42\/200\/25714 Die verwendeten Texte, Bilder und Fotos dieses Internetauftritts sind urheberrechtlich gesch\u00fctzt und d\u00fcrfen nicht vervielf\u00e4ltigt oder weitergegeben werden. Die verwendeten Bilder sind ordnungsgem\u00e4\u00df erworben oder &hellip; \u201eImpressum und Datenschutz\u201c weiterlesen","og_url":"https:\/\/gartenideen-sandig.de\/index.php\/datenschutzerklaerung\/","og_site_name":"SANDIG","article_modified_time":"2019-07-15T19:11:39+00:00","twitter_card":"summary_large_image","twitter_misc":{"Gesch\u00e4tzte Lesezeit":"3\u00a0Minuten"},"schema":{"@context":"https:\/\/schema.org","@graph":[{"@type":"WebPage","@id":"https:\/\/gartenideen-sandig.de\/index.php\/datenschutzerklaerung\/","url":"https:\/\/gartenideen-sandig.de\/index.php\/datenschutzerklaerung\/","name":"Impressum und Datenschutz - SANDIG","isPartOf":{"@id":"https:\/\/gartenideen-sandig.de\/#website"},"datePublished":"2018-05-28T15:26:42+00:00","dateModified":"2019-07-15T19:11:39+00:00","breadcrumb":{"@id":"https:\/\/gartenideen-sandig.de\/index.php\/datenschutzerklaerung\/#breadcrumb"},"inLanguage":"de","potentialAction":[{"@type":"ReadAction","target":["https:\/\/gartenideen-sandig.de\/index.php\/datenschutzerklaerung\/"]}]},{"@type":"BreadcrumbList","@id":"https:\/\/gartenideen-sandig.de\/index.php\/datenschutzerklaerung\/#breadcrumb","itemListElement":[{"@type":"ListItem","position":1,"name":"Startseite","item":"https:\/\/gartenideen-sandig.de\/"},{"@type":"ListItem","position":2,"name":"Impressum und Datenschutz"}]},{"@type":"WebSite","@id":"https:\/\/gartenideen-sandig.de\/#website","url":"https:\/\/gartenideen-sandig.de\/","name":"SANDIG","description":"Ideen f\u00fcr Ihren Garten","publisher":{"@id":"https:\/\/gartenideen-sandig.de\/#organization"},"potentialAction":[{"@type":"SearchAction","target":{"@type":"EntryPoint","urlTemplate":"https:\/\/gartenideen-sandig.de\/?s={search_term_string}"},"query-input":"required name=search_term_string"}],"inLanguage":"de"},{"@type":"Organization","@id":"https:\/\/gartenideen-sandig.de\/#organization","name":"Ideen f\u00fcr Ihren Garten Sandig GmbH & Co. KG","url":"https:\/\/gartenideen-sandig.de\/","logo":{"@type":"ImageObject","inLanguage":"de","@id":"https:\/\/gartenideen-sandig.de\/#\/schema\/logo\/image\/","url":"https:\/\/gartenideen-sandig.de\/wp-content\/uploads\/2019\/07\/logo_komp.png","contentUrl":"https:\/\/gartenideen-sandig.de\/wp-content\/uploads\/2019\/07\/logo_komp.png","width":350,"height":350,"caption":"Ideen f\u00fcr Ihren Garten Sandig GmbH & Co. KG"},"image":{"@id":"https:\/\/gartenideen-sandig.de\/#\/schema\/logo\/image\/"}}]}},"_links":{"self":[{"href":"https:\/\/gartenideen-sandig.de\/index.php\/wp-json\/wp\/v2\/pages\/3"}],"collection":[{"href":"https:\/\/gartenideen-sandig.de\/index.php\/wp-json\/wp\/v2\/pages"}],"about":[{"href":"https:\/\/gartenideen-sandig.de\/index.php\/wp-json\/wp\/v2\/types\/page"}],"author":[{"embeddable":true,"href":"https:\/\/gartenideen-sandig.de\/index.php\/wp-json\/wp\/v2\/users\/1"}],"replies":[{"embeddable":true,"href":"https:\/\/gartenideen-sandig.de\/index.php\/wp-json\/wp\/v2\/comments?post=3"}],"version-history":[{"count":9,"href":"https:\/\/gartenideen-sandig.de\/index.php\/wp-json\/wp\/v2\/pages\/3\/revisions"}],"predecessor-version":[{"id":315,"href":"https:\/\/gartenideen-sandig.de\/index.php\/wp-json\/wp\/v2\/pages\/3\/revisions\/315"}],"wp:attachment":[{"href":"https:\/\/gartenideen-sandig.de\/index.php\/wp-json\/wp\/v2\/media?parent=3"}],"curies":[{"name":"wp","href":"https:\/\/api.w.org\/{rel}","templated":true}]}}